


{"id":17580,"date":"2022-05-24T08:20:57","date_gmt":"2022-05-24T07:20:57","guid":{"rendered":"https:\/\/staging.rayner.com\/?page_id=17580"},"modified":"2024-05-21T12:28:27","modified_gmt":"2024-05-21T11:28:27","slug":"end-user-privacy-policy-pl","status":"publish","type":"page","link":"https:\/\/rayner.com\/global\/raypro\/end-user-privacy-policy-pl\/","title":{"rendered":"End User Privacy Policy PL"},"content":{"rendered":"<h2><span style=\"font-family: arial, helvetica, sans-serif;\">POLITYKA PRYWATNO\u015aCI u\u017cytkownik\u00f3w platformy RAYPRO<\/span><\/h2>\n<ol>\n<li><span style=\"font-family: arial, helvetica, sans-serif;\"><strong>Wprowadzenie<\/strong><\/span><\/li>\n<\/ol>\n<p><span style=\"font-family: arial, helvetica, sans-serif;\">Firma Rayner Intraocular Lenses Limited (wspominana jako \u201eRayner\u201d, \u201emy\u201d, \u201enas\u201d lub \u201enasz\u201d w niniejszej polityce) zobowi\u0105zuje si\u0119 do ochrony danych osobowych i\u00a0poszanowania prywatno\u015bci u\u017cytkownik\u00f3w platformy RayPRO. . Niniejsza polityka opisuje przetwarzanie danych osobowych u\u017cytkownik\u00f3w przez platform\u0119 RayPRO.<\/span><\/p>\n<p><span style=\"font-family: arial, helvetica, sans-serif;\">Niniejsza polityka, wraz z nasz\u0105 umow\u0105 licencyjn\u0105 u\u017cytkownika ko\u0144cowego (EULA) i\u00a0wszelkimi dodatkowymi warunkami u\u017cytkowania w\u0142\u0105czonymi przez odniesienie do EULA (\u0142\u0105cznie z naszymi Warunkami u\u017cytkowania), ma zastosowanie do: Aplikacji mobilnej RayPRO (Aplikacja), hostowanej na raypro.staging.rayner.com (Witryna Aplikacji), po pobraniu lub przes\u0142aniu jej kopii na telefon kom\u00f3rkowy lub urz\u0105dzenie przeno\u015bne (Urz\u0105dzenie).<\/span><\/p>\n<p><span style=\"font-family: arial, helvetica, sans-serif;\">Ka\u017cda z us\u0142ug jest dost\u0119pna zar\u00f3wno za po\u015brednictwem Aplikacji i \/ lub Witryny Aplikacji (Us\u0142ugi).<\/span><\/p>\n<p><span style=\"font-family: arial, helvetica, sans-serif;\">Niniejsza polityka okre\u015bla podstawy przetwarzania przez nas wszelkich danych osobowych, kt\u00f3re od Ciebie zbieramy lub kt\u00f3re nam przekazujesz.<\/span><\/p>\n<p><span style=\"font-family: arial, helvetica, sans-serif;\">Aplikacja zosta\u0142a zaprojektowana jako platforma cyfrowa, kt\u00f3ra umo\u017cliwia o\u015brodkom leczenia za\u0107my (tj. chirurgom i szpitalom) p\u0142ynne zbieranie danych dotycz\u0105cych wynik\u00f3w zabieg\u00f3w zg\u0142aszanych przez pacjent\u00f3w (Patient Reported Medical Outcome &#8211; <strong>PROM<\/strong>), a tak\u017ce og\u00f3lnego zadowolenia pacjent\u00f3w z zabiegu chirurgicznego.<\/span><\/p>\n<p><span style=\"font-family: arial, helvetica, sans-serif;\">Aplikacja jest przeznaczona do u\u017cytku przez personel medyczny. Aplikacja nie jest przeznaczona dla dzieci i nie gromadzimy \u015bwiadomie danych dotycz\u0105cych dzieci. Zgodnie z umow\u0105 EULA, informacje o pacjentach poni\u017cej 18 roku \u017cycia nie powinny by\u0107 przesy\u0142ane na platform\u0119 RayPRO. Prosimy o uwa\u017cne zapoznanie si\u0119 z\u00a0poni\u017cszymi informacjami, aby zrozumie\u0107 nasze praktyki dotycz\u0105ce Twoich danych osobowych i sposobu, w jaki b\u0119dziemy je traktowa\u0107.<\/span><\/p>\n<ol start=\"2\">\n<li><span style=\"font-family: arial, helvetica, sans-serif;\"><strong>Dane do kontaktu<\/strong><\/span><\/li>\n<\/ol>\n<p><span style=\"font-family: arial, helvetica, sans-serif;\">Powo\u0142ali\u015bmy specjalist\u0119 ds. prywatno\u015bci danych. Wszelkie pytania dotycz\u0105ce niniejszej polityki prywatno\u015bci nale\u017cy kierowa\u0107 do nas, korzystaj\u0105c z danych podanych poni\u017cej.<\/span><\/p>\n<p><span style=\"font-family: arial, helvetica, sans-serif;\">Nasze pe\u0142ne dane to:<\/span><\/p>\n<ul>\n<li><span style=\"font-family: arial, helvetica, sans-serif;\">Pe\u0142na nazwa administratora danych: Rayner Intraocular Lenses Limited<\/span><\/li>\n<li><span style=\"font-family: arial, helvetica, sans-serif;\">Osoba odpowiedzialna za nadz\u00f3r nad prywatno\u015bci\u0105 danych: Dyrektor ds. prawnych<\/span><\/li>\n<li><span style=\"font-family: arial, helvetica, sans-serif;\">Adres e-mail:\u00a0<a href=\"mailto:privacy@rayner.com\"><em>privacy@rayner.com<\/em><\/a><\/span><\/li>\n<li><span style=\"font-family: arial, helvetica, sans-serif;\">Adres korespondencyjny: 10 Dominion Way, Worthing, West Sussex BN14 8AQ<\/span><\/li>\n<\/ul>\n<p><span style=\"font-family: arial, helvetica, sans-serif;\">Masz prawo w dowolnym momencie z\u0142o\u017cy\u0107 skarg\u0119 do Biura Komisarza ds. Informacji (ICO), brytyjskiego organu nadzorczego ds. ochrony danych. Szczeg\u00f3\u0142y procedury sk\u0142adania skarg do ICO mo\u017cna znale\u017a\u0107 na stronie <a href=\"https:\/\/ico.org.uk\/make-a-complaint\/\">https: \/\u00a0 \/ ico.org.uk \/ make-a-complaint \/ <\/a>.<\/span><\/p>\n<ol start=\"3\">\n<li><span style=\"font-family: arial, helvetica, sans-serif;\"><strong>Zmiany w polityce prywatno\u015bci, informowanie o zmianie danych przez u\u017cytkownik\u00f3w<\/strong><\/span><\/li>\n<\/ol>\n<p><span style=\"font-family: arial, helvetica, sans-serif;\">Regularnie sprawdzamy niniejsz\u0105 polityk\u0119 prywatno\u015bci RayPRO.<\/span><\/p>\n<p><span style=\"font-family: arial, helvetica, sans-serif;\">Ta wersja zosta\u0142a ostatnio zaktualizowana 19 lutego 2019 r. Mo\u017ce zosta\u0107 zaktualizowana ponownie, je\u015bli tak si\u0119 stanie, zmiany te zostan\u0105 opublikowane na tej stronie i odpowiednio, zostan\u0105 zakomunikowane u\u017cytkownikom poprzez wiadomo\u015b\u0107 e-maile, otrzymasz o\u00a0tym informacje gdy nast\u0119pnym razem uruchomisz Aplikacj\u0119 lub zalogujesz si\u0119 na Witrynie Aplikacji. Nowa polityka mo\u017ce zosta\u0107 wy\u015bwietlona na ekranie, a u\u017cytkownik mo\u017ce zosta\u0107 poproszony o przeczytanie i zaakceptowanie zmian w celu dalszego korzystania z\u00a0Aplikacji lub Us\u0142ug.<\/span><\/p>\n<p><span style=\"font-family: arial, helvetica, sans-serif;\">Wa\u017cne jest dla nas, aby Twoje dane osobowe, kt\u00f3re posiadamy, by\u0142y prawid\u0142owe i\u00a0w\u00a0razie potrzeby uaktualniane. Prosimy o\u00a0informowanie nas, je\u015bli Twoje dane osobowe ulegn\u0105 zmianie w trakcie naszej relacji z Tob\u0105.<\/span><\/p>\n<ol start=\"4\">\n<li><span style=\"font-family: arial, helvetica, sans-serif;\"><strong>Dane, kt\u00f3re zbieramy o Tobie<\/strong><\/span><\/li>\n<\/ol>\n<p><span style=\"font-family: arial, helvetica, sans-serif;\">Mo\u017cemy zbiera\u0107, wykorzystywa\u0107, przechowywa\u0107 i przekazywa\u0107 r\u00f3\u017cne rodzaje danych osobowych o Tobie w nast\u0119puj\u0105cy spos\u00f3b:<\/span><\/p>\n<ul>\n<li><span style=\"font-family: arial, helvetica, sans-serif;\"><strong>Dane identyfikacyjne<\/strong>: imi\u0119, nazwisko, tytu\u0142 zawodowy.<\/span><\/li>\n<li><span style=\"font-family: arial, helvetica, sans-serif;\"><strong>Dane kontaktowe<\/strong>: adres pracy, pracodawca, adres e-mail.<\/span><\/li>\n<li><span style=\"font-family: arial, helvetica, sans-serif;\"><strong>Dane profilu<\/strong>: obejmuj\u0105 adres e-mail i has\u0142o, specjalizacj\u0119, miejsca pracy, pracodawc\u0119, opinie i odpowiedzi na ankiety.<\/span><\/li>\n<li><span style=\"font-family: arial, helvetica, sans-serif;\"><strong>Dane dotycz\u0105ce u\u017cytkowania<\/strong>: obejmuj\u0105 szczeg\u00f3\u0142owe informacje na temat korzystania z Aplikacji lub wizyt na Witrynie Aplikacji, w tym mi\u0119dzy innymi dane o\u00a0ruchu i inne dane komunikacyjne oraz zasoby, do kt\u00f3rych uzyskujesz dost\u0119p.<\/span><\/li>\n<li><span style=\"font-family: arial, helvetica, sans-serif;\"><strong>Dane marketingowe i komunikacyjne<\/strong>: obejmuj\u0105 preferencje dotycz\u0105ce otrzymywania materia\u0142\u00f3w marketingowych od nas i naszych stron trzecich oraz preferencje dotycz\u0105ce komunikacji.<\/span><\/li>\n<li><span style=\"font-family: arial, helvetica, sans-serif;\"><strong>Dane lokalizacyjne<\/strong>: obejmuj\u0105 ujawnion\u0105 przez Ciebie lokalizacj\u0119 aktualnego miejsca wykonywania pracy.<\/span><\/li>\n<\/ul>\n<p><span style=\"font-family: arial, helvetica, sans-serif;\">Zbieramy r\u00f3wnie\u017c, wykorzystujemy i udost\u0119pniamy zagregowane dane, takie jak dane statystyczne lub demograficzne, w dowolnym celu. Zagregowane dane mog\u0105 pochodzi\u0107 z Twoich danych osobowych, ale nie s\u0105 uwa\u017cane za dane osobowe w \u015bwietle prawa, poniewa\u017c dane te nie ujawni\u0105 bezpo\u015brednio ani po\u015brednio Twojej to\u017csamo\u015bci. Na przyk\u0142ad mo\u017cemy agregowa\u0107 Twoje Dane o\u00a0u\u017cytkowaniu, aby obliczy\u0107 procent u\u017cytkownik\u00f3w uzyskuj\u0105cych dost\u0119p do okre\u015blonej funkcji Aplikacji. Je\u015bli jednak po\u0142\u0105czymy dane zagregowane z Twoimi danymi osobowymi, aby mog\u0142y bezpo\u015brednio lub po\u015brednio Ci\u0119 zidentyfikowa\u0107, traktujemy po\u0142\u0105czone dane jako dane osobowe, kt\u00f3re b\u0119d\u0105 wykorzystywane zgodnie z niniejsz\u0105 polityk\u0105 prywatno\u015bci.<\/span><\/p>\n<p><span style=\"font-family: arial, helvetica, sans-serif;\">Nie gromadzimy \u017cadnych specjalnych kategorii danych osobowych o Tobie (w tym dotycz\u0105cych Twojej rasy lub pochodzenia etnicznego, przekona\u0144 religijnych lub filozoficznych, \u017cycia seksualnego, orientacji seksualnej, pogl\u0105d\u00f3w politycznych, przynale\u017cno\u015bci do zwi\u0105zk\u00f3w zawodowych, informacji o Twoim zdrowiu oraz danych genetycznych i biometrycznych ) ani nie gromadzimy \u017cadnych informacji o wyrokach skazuj\u0105cych i przest\u0119pstwach.<\/span><\/p>\n<ol start=\"5\">\n<li><span style=\"font-family: arial, helvetica, sans-serif;\"><strong>Jak zbierane s\u0105 Twoje dane osobowe?<\/strong><\/span><\/li>\n<\/ol>\n<p><span style=\"font-family: arial, helvetica, sans-serif;\">Zbieramy i przetwarzamy nast\u0119puj\u0105ce dane o Tobie:<\/span><\/p>\n<ul>\n<li><span style=\"font-family: arial, helvetica, sans-serif;\"><strong>Informacje, kt\u00f3re nam podajesz.<\/strong> S\u0105 to informacje (w tym dane identyfikacyjne, dane kontaktowe, profilu oraz dane marketingowe I\u00a0komunikacyjne), na przekazanie nam kt\u00f3rych wyra\u017casz zgod\u0119, wype\u0142niaj\u0105c formularze w Witrynie aplikacji i Witrynach us\u0142ug (razem Nasze Witryny) lub koresponduj\u0105c z nami (na przyk\u0142ad , przez e-mail lub czat). Obejmuje to informacje, kt\u00f3re podajesz, rejestruj\u0105c si\u0119 w\u00a0celu korzystania z\u00a0Witryny Aplikacji, pobieraj\u0105c lub rejestruj\u0105c si\u0119 w Aplikacji, subskrybuj\u0105c dowolne nasze Us\u0142ugi, wyszukuj\u0105c Aplikacj\u0119 lub Us\u0142ugi oraz zg\u0142aszaj\u0105c problem z Aplikacj\u0105, naszymi Us\u0142ugami lub jak\u0105kolwiek z Naszych witryn. Je\u015bli skontaktujesz si\u0119 z\u00a0nami, zachowamy zapis tej korespondencji.<\/span><\/li>\n<li><span style=\"font-family: arial, helvetica, sans-serif;\"><strong>Informacje, kt\u00f3re zbieramy o Tobie i Twoim urz\u0105dzeniu<\/strong>. Za ka\u017cdym razem, gdy odwiedzasz jedn\u0105 z naszych Witryn lub korzystasz z\u00a0jednej z naszych Aplikacji, automatycznie gromadzimy dane osobowe, w tym dane dotycz\u0105ce urz\u0105dzenia, tre\u015bci, lokalizacji I\u00a0u\u017cytkowania. Zbieramy te dane za pomoc\u0105 plik\u00f3w cookie i innych podobnych technologii. Wi\u0119cej informacji mo\u017cna znale\u017a\u0107 w Polityce prywatno\u015bci Rayner i Polityce plik\u00f3w cookie.<\/span><\/li>\n<li><span style=\"font-family: arial, helvetica, sans-serif;\"><strong>Informacje, kt\u00f3re otrzymujemy z innych \u017ar\u00f3de\u0142, w tym stron trzecich I\u00a0publicznie dost\u0119pnych \u017ar\u00f3de\u0142.<\/strong> Otrzymujemy Twoje dane osobowe od r\u00f3\u017cnych stron trzecich, na przyk\u0142ad dostawc\u00f3w us\u0142ug analitycznych, takich jak Google z\u00a0siedzib\u0105 poza UE.<\/span><\/li>\n<\/ul>\n<ol start=\"6\">\n<li><span style=\"font-family: arial, helvetica, sans-serif;\"><strong>Pliki cookies<\/strong><\/span><\/li>\n<\/ol>\n<p><span style=\"font-family: arial, helvetica, sans-serif;\">U\u017cywamy plik\u00f3w cookies, aby odr\u00f3\u017cni\u0107 r\u00f3\u017cnych u\u017cytkownik\u00f3w Aplikacji i Witryny aplikacji, co pozwala zapami\u0119ta\u0107 preferencje danego u\u017cytkownika. Pomaga to zapewni\u0107 u\u017cytkownikom dobre wra\u017cenia podczas korzystania z Aplikacji i Witryny aplikacji, a tak\u017ce pozwala nam ulepsza\u0107 Aplikacj\u0119 i Witryn\u0119 aplikacji. Aby uzyska\u0107 szczeg\u00f3\u0142owe informacje na temat u\u017cywanych przez nas plik\u00f3w cookies, cel\u00f3w, dla kt\u00f3rych ich u\u017cywamy i sposobu, w jaki mo\u017cna dokonywa\u0107 wybor\u00f3w dotycz\u0105cych korzystania z plik\u00f3w cookie, nale\u017cy zapozna\u0107 si\u0119 z\u00a0Polityk\u0105 prywatno\u015bci firmy Rayner i Polityk\u0105 plik\u00f3w cookies.<\/span><\/p>\n<ol start=\"7\">\n<li><span style=\"font-family: arial, helvetica, sans-serif;\"><strong>Jak wykorzystujemy Twoje dane osobowe<\/strong><\/span><\/li>\n<\/ol>\n<p><span style=\"font-family: arial, helvetica, sans-serif;\">B\u0119dziemy wykorzystywa\u0107 Twoje dane osobowe tylko wtedy, gdy zezwala nam na to prawo. Najcz\u0119\u015bciej wykorzystujemy Twoje dane osobowe w nast\u0119puj\u0105cych okoliczno\u015bciach:<\/span><\/p>\n<ul>\n<li><span style=\"font-family: arial, helvetica, sans-serif;\">Je\u017celi udzieli\u0142e\u015b nam zgody przed rozpocz\u0119ciem przetwarzania danych.<\/span><\/li>\n<li><span style=\"font-family: arial, helvetica, sans-serif;\">Je\u017celi jest to niezb\u0119dne do wykonania umowy, kt\u00f3rej jeste\u015b stron\u0105 lub do podj\u0119cia dzia\u0142a\u0144 na Twoje \u017c\u0105danie przed zawarciem<\/span><\/li>\n<li><span style=\"font-family: arial, helvetica, sans-serif;\">Je\u017celi jest to konieczne ze wzgl\u0119du na nasze prawnie uzasadnione interesy (lub interesy strony trzeciej), a Twoje podstawowe prawa i wolno\u015bci nie s\u0105 nadrz\u0119dne wobec tych interes\u00f3w.<\/span><\/li>\n<li><span style=\"font-family: arial, helvetica, sans-serif;\">Gdy jest to niezb\u0119dne do wype\u0142nienia ci\u0105\u017c\u0105cego na nas obowi\u0105zku prawnego.<\/span><\/li>\n<\/ul>\n<p><span style=\"font-family: arial, helvetica, sans-serif;\">Zapoznaj si\u0119 ze s\u0142owniczkiem na ko\u0144cu niniejszej Polityki prywatno\u015bci, aby dowiedzie\u0107 si\u0119 wi\u0119cej o rodzajach podstaw prawnych, na mocy kt\u00f3rych b\u0119dziemy przetwarza\u0107 Twoje dane osobowe.<\/span><\/p>\n<p><span style=\"font-family: arial, helvetica, sans-serif;\">Komunikacj\u0119 marketingow\u0105 b\u0119dziemy wysy\u0142a\u0107 poczt\u0105 elektroniczn\u0105 lub SMS-em wy\u0142\u0105cznie za Twoj\u0105 zgod\u0105. Masz prawo wycofa\u0107 t\u0119 zgod\u0119 w dowolnym momencie, kontaktuj\u0105c si\u0119 z nami.<\/span><\/p>\n<ol start=\"8\">\n<li><span style=\"font-family: arial, helvetica, sans-serif;\"><strong>Cele dla kt\u00f3rych wykorzytujemy Twoje dane osobowe<\/strong><\/span><\/li>\n<\/ol>\n<table class=\"titleing font-bold\" style=\"border: 0px solid #ffffff; width: 100%;\" frame=\"border\" rules=\"rows\" cellspacing=\"10\" cellpadding=\"5\">\n<tbody>\n<tr>\n<td style=\"width: 37%;\" width=\"37%\"><span style=\"font-family: arial, helvetica, sans-serif;\"><strong>Cel \/ dzia\u0142anie<\/strong><\/span><\/td>\n<td style=\"width: 22%;\" width=\"22%\"><span style=\"font-family: arial, helvetica, sans-serif;\"><strong>Rodzaj danych<\/strong><\/span><\/td>\n<td style=\"width: 39%;\" width=\"39%\"><span style=\"font-family: arial, helvetica, sans-serif;\"><strong>Podstawa prawna przetwarzania<\/strong><\/span><\/td>\n<\/tr>\n<tr>\n<td style=\"width: 37%;\" width=\"37%\"><span style=\"font-family: arial, helvetica, sans-serif;\">Aby zainstalowa\u0107 aplikacj\u0119 i zarejestrowa\u0107 Ciebie jako nowego u\u017cytkownika Aplikacji<\/span><\/td>\n<td style=\"width: 22%;\" width=\"22%\"><span style=\"font-family: arial, helvetica, sans-serif;\">Dane identyfikacyjne<\/span><br \/>\n<span style=\"font-family: arial, helvetica, sans-serif;\">Dane kontaktowe<\/span><br \/>\n<span style=\"font-family: arial, helvetica, sans-serif;\">Dane o urz\u0105dzeniu<\/span><\/td>\n<td style=\"width: 39%;\" width=\"39%\"><span style=\"font-family: arial, helvetica, sans-serif;\">Zgoda u\u017cytkownika<\/span><\/td>\n<\/tr>\n<tr>\n<td style=\"width: 37%;\" width=\"37%\"><span style=\"font-family: arial, helvetica, sans-serif;\">Aby zarz\u0105dza\u0107 naszymi relacjami z u\u017cytkownikiem, w tym powiadamia\u0107 go o zmianach w Aplikacji i Us\u0142ugach<\/span><\/td>\n<td style=\"width: 22%;\" width=\"22%\"><span style=\"font-family: arial, helvetica, sans-serif;\">Dane identyfikacyjne<\/span><br \/>\n<span style=\"font-family: arial, helvetica, sans-serif;\">Dane kontaktowe<\/span><br \/>\n<span style=\"font-family: arial, helvetica, sans-serif;\">Dane o profilu<\/span><br \/>\n<span style=\"font-family: arial, helvetica, sans-serif;\">Dane marketingowe i komunikacyjne<\/span><\/td>\n<td style=\"width: 39%;\" width=\"39%\"><span style=\"font-family: arial, helvetica, sans-serif;\">Zgoda u\u017cytkownika<\/span><br \/>\n<span style=\"font-family: arial, helvetica, sans-serif;\">Wykonanie umowy z u\u017cytkownikiem<\/span><br \/>\n<span style=\"font-family: arial, helvetica, sans-serif;\">Niezb\u0119dno\u015b\u0107 dla naszych prawnie uzasadnionych interes\u00f3w (aby aktualizowa\u0107 dokumenty i analizowa\u0107, w jaki spos\u00f3b klienci korzystaj\u0105 z naszych produkt\u00f3w \/ us\u0142ug)<\/span><br \/>\n<span style=\"font-family: arial, helvetica, sans-serif;\">Niezb\u0119dno\u015b\u0107 wype\u0142nienia obowi\u0105zku prawnego (aby informowa\u0107 u\u017cytkownik\u00f3w o wszelkich zmianach w naszych warunkach u\u017cytkowania Aplikacji)<\/span><\/td>\n<\/tr>\n<tr>\n<td style=\"width: 37%;\" width=\"37%\"><span style=\"font-family: arial, helvetica, sans-serif;\">Aby zapewni\u0107 funkcjonalno\u015b\u0107 Aplikacji<\/span><\/td>\n<td style=\"width: 22%;\" width=\"22%\"><span style=\"font-family: arial, helvetica, sans-serif;\">Dane identyfikacyjne<\/span><br \/>\n<span style=\"font-family: arial, helvetica, sans-serif;\">Dane kontaktowe<\/span><br \/>\n<span style=\"font-family: arial, helvetica, sans-serif;\">Dane o urz\u0105dzeniu<\/span><br \/>\n<span style=\"font-family: arial, helvetica, sans-serif;\">Dane dotycz\u0105ce u\u017cytkowania<\/span><br \/>\n<span style=\"font-family: arial, helvetica, sans-serif;\">Dane o profilu<\/span><br \/>\n<span style=\"font-family: arial, helvetica, sans-serif;\">Dane marketingowe i komunikacyjne<\/span><br \/>\n<span style=\"font-family: arial, helvetica, sans-serif;\">Dane o lokalizacji<\/span><\/td>\n<td style=\"width: 39%;\" width=\"39%\"><span style=\"font-family: arial, helvetica, sans-serif;\">Zgoda u\u017cytkownika<\/span><br \/>\n<span style=\"font-family: arial, helvetica, sans-serif;\">Wykonanie umowy z u\u017cytkownikiem<\/span><br \/>\n<span style=\"font-family: arial, helvetica, sans-serif;\">Niezb\u0119dno\u015b\u0107 dla naszych prawnie uzasadnionych interes\u00f3w (aby analizowa\u0107, w jaki spos\u00f3b klienci korzystaj\u0105 z naszych produkt\u00f3w \/ us\u0142ug by rozwija\u0107 nasze us\u0142ugi i dzia\u0142alno\u015b\u0107.<\/span><\/td>\n<\/tr>\n<tr>\n<td style=\"width: 37%;\" width=\"37%\"><span style=\"font-family: arial, helvetica, sans-serif;\">Aby umo\u017cliwi\u0107 Ci wype\u0142nienie i\u00a0 udzia\u0142 w ankiecie<\/span><\/td>\n<td style=\"width: 22%;\" width=\"22%\"><span style=\"font-family: arial, helvetica, sans-serif;\">Dane identyfikacyjne<\/span><br \/>\n<span style=\"font-family: arial, helvetica, sans-serif;\">Dane kontaktowe<\/span><br \/>\n<span style=\"font-family: arial, helvetica, sans-serif;\">Dane o urz\u0105dzeniu<\/span><br \/>\n<span style=\"font-family: arial, helvetica, sans-serif;\">Dane o profilu<\/span><br \/>\n<span style=\"font-family: arial, helvetica, sans-serif;\">Dane marketingowe i komunikacyjne<\/span><\/td>\n<td style=\"width: 39%;\" width=\"39%\"><span style=\"font-family: arial, helvetica, sans-serif;\">Zgoda u\u017cytkownika<\/span><br \/>\n<span style=\"font-family: arial, helvetica, sans-serif;\">Wykonanie umowy z u\u017cytkownikiem<\/span><br \/>\n<span style=\"font-family: arial, helvetica, sans-serif;\">Niezb\u0119dno\u015b\u0107 dla naszych prawnie uzasadnionych interes\u00f3w (aby analizowa\u0107, w jaki spos\u00f3b klienci korzystaj\u0105 z naszych produkt\u00f3w \/ us\u0142ug by rozwija\u0107 nasze us\u0142ugi i dzia\u0142alno\u015b\u0107<\/span><\/td>\n<\/tr>\n<tr>\n<td style=\"width: 37%;\" width=\"37%\"><span style=\"font-family: arial, helvetica, sans-serif;\">Aby administrowa\u0107 i chroni\u0107 nasz biznes i Aplikacj\u0119, w tym rozwi\u0105zywa\u0107 problemy, analizowa\u0107 dane i testowa\u0107 system<\/span><\/td>\n<td style=\"width: 22%;\" width=\"22%\"><span style=\"font-family: arial, helvetica, sans-serif;\">Dane identyfikacyjne<\/span><br \/>\n<span style=\"font-family: arial, helvetica, sans-serif;\">Dane kontaktowe<\/span><br \/>\n<span style=\"font-family: arial, helvetica, sans-serif;\">Dane o urz\u0105dzeniu<\/span><\/td>\n<td style=\"width: 39%;\" width=\"39%\"><span style=\"font-family: arial, helvetica, sans-serif;\">Niezb\u0119dno\u015b\u0107 dla naszych prawnie uzasadnionych interes\u00f3w \u00a0(dla prowadzenia naszej dzia\u0142alno\u015bci, \u015bwiadczenia us\u0142ug administracyjnych i informatycznych, bezpiecze\u0144stwa sieci)<\/span><\/td>\n<\/tr>\n<tr>\n<td style=\"width: 37%;\" width=\"37%\"><span style=\"font-family: arial, helvetica, sans-serif;\">Aby dostarcza\u0107 Ci tre\u015bci i reklamy Aby zarekomendowa\u0107 Ci towary lub us\u0142ugi, kt\u00f3re mog\u0105 Ci\u0119 zainteresowa\u0107<\/span><br \/>\n<span style=\"font-family: arial, helvetica, sans-serif;\">Aby mierzy\u0107 i analizowa\u0107 skuteczno\u015b\u0107 reklam, kt\u00f3re Ci serwujemy<\/span><br \/>\n<span style=\"font-family: arial, helvetica, sans-serif;\">Aby monitorowa\u0107 trendy, aby\u015bmy mogli ulepsza\u0107 aplikacj\u0119<\/span><\/td>\n<td style=\"width: 22%;\" width=\"22%\"><span style=\"font-family: arial, helvetica, sans-serif;\">Dane identyfikacyjne<\/span><br \/>\n<span style=\"font-family: arial, helvetica, sans-serif;\">Dane kontaktowe<\/span><br \/>\n<span style=\"font-family: arial, helvetica, sans-serif;\">Dane o urz\u0105dzeniu<\/span><br \/>\n<span style=\"font-family: arial, helvetica, sans-serif;\">Dane dotycz\u0105ce u\u017cytkowania<\/span><br \/>\n<span style=\"font-family: arial, helvetica, sans-serif;\">Dane o profilu<\/span><br \/>\n<span style=\"font-family: arial, helvetica, sans-serif;\">Dane dot. u\u017cytkowania<\/span><br \/>\n<span style=\"font-family: arial, helvetica, sans-serif;\">Dane marketingowe i komunikacyjne<\/span><br \/>\n<span style=\"font-family: arial, helvetica, sans-serif;\">Dane o lokalizacji<\/span><br \/>\n<span style=\"font-family: arial, helvetica, sans-serif;\">Dane dot. tre\u015bci (content)<\/span><\/td>\n<td style=\"width: 39%;\" width=\"39%\"><span style=\"font-family: arial, helvetica, sans-serif;\">Niezb\u0119dno\u015b\u0107 dla naszych prawnie uzasadnionych interes\u00f3w (prowadzenie naszej dzia\u0142alno\u015bci, \u015bwiadczenie us\u0142ug administracyjnych i informatycznych, bezpiecze\u0144stwo sieci)<\/span><\/td>\n<\/tr>\n<\/tbody>\n<\/table>\n<p>&nbsp;<\/p>\n<ol start=\"9\">\n<li><span style=\"font-family: arial, helvetica, sans-serif;\"><strong>Mi\u0119dzynarodowe porzekazywanie danych Przekazywanie danych <\/strong><\/span><\/li>\n<\/ol>\n<p><span style=\"font-family: arial, helvetica, sans-serif;\">Zapewniamy ochron\u0119 danych osobowych, wymagaj\u0105c od wszystkich sp\u00f3\u0142ek z naszej grupy przestrzegania tych samych zasad podczas przetwarzania danych osobowych. Zasady te s\u0105 nazywane \u201ewi\u0105\u017c\u0105cymi regu\u0142ami korporacyjnymi\u201d.<\/span><\/p>\n<p><span style=\"font-family: arial, helvetica, sans-serif;\">Je\u015bli przeka\u017cemy dane osobowe poza EOG, zapewnimy podobny stopie\u0144 ochrony, poprzez wdro\u017cenie co najmniej jednego z\u00a0nast\u0119puj\u0105cych zabezpiecze\u0144:<\/span><\/p>\n<ul>\n<li><span style=\"font-family: arial, helvetica, sans-serif;\">Dane osobowe u\u017cytkownik\u00f3w b\u0119d\u0105 przekazywane wy\u0142\u0105cznie do kraj\u00f3w, kt\u00f3re zosta\u0142y uznane przez Komisj\u0119 Europejsk\u0105 za zapewniaj\u0105ce odpowiedni poziom ochrony danych osobowych. Wi\u0119cej informacji mo\u017cna znale\u017a\u0107 w dokumencie Komisji Europejskiej: \u201eAdequacy of the protection of personal data in non-EU countries\u201d.<\/span><\/li>\n<li><span style=\"font-family: arial, helvetica, sans-serif;\">W przypadku korzystania z us\u0142ug niekt\u00f3rych us\u0142ugodawc\u00f3w mo\u017cemy korzysta\u0107 ze specjalnych um\u00f3w zatwierdzonych przez Komisj\u0119 Europejsk\u0105, kt\u00f3re zapewniaj\u0105, \u017ce dane osobowe s\u0105 chronione w taki sam spos\u00f3b, jak w Europie. Wi\u0119cej informacji mo\u017cna znale\u017a\u0107 w dokumencie Komisji Europejskiej: \u201eModel contracts for the transfer of personal data to third countries\u201d<em>.<\/em><\/span><\/li>\n<li><span style=\"font-family: arial, helvetica, sans-serif;\">W przypadku korzystania z us\u0142ug dostawc\u00f3w z siedzib\u0105 w Stanach Zjednoczonych mo\u017cemy przekazywa\u0107 im dane, je\u015bli nale\u017c\u0105 oni do Privacy Shield, kt\u00f3ra wymaga od nich zapewnienia podobnej ochrony danych osobowych udost\u0119pnianych mi\u0119dzy Europ\u0105 a Stanami Zjednoczonymi. Wi\u0119cej informacji mo\u017cna znale\u017a\u0107 w dokumencie Komisji Europejskiej: \u201eEU-US Privacy Shield\u201d<em>.<\/em><\/span><\/li>\n<\/ul>\n<ol start=\"10\">\n<li><span style=\"font-family: arial, helvetica, sans-serif;\"><strong>Bezpiecze\u0144stwo danych<\/strong><\/span><\/li>\n<\/ol>\n<p><span style=\"font-family: arial, helvetica, sans-serif;\">Wszystkie informacje, kt\u00f3re zosta\u0142y nam przekazane, s\u0105 przechowywane na bezpiecznych serwerach naszego starannie wybranego partnera IT. Jako minimum tacy partnerzy powinni posiada\u0107 certyfikat ISO27001. Po otrzymaniu danych zastosujemy rygorystyczne procedury i zabezpieczenia, aby zapobiec przypadkowej utracie, wykorzystaniu lub uzyskaniu dost\u0119pu do danych osobowych w\u00a0nieautoryzowany spos\u00f3b.<\/span><\/p>\n<p><span style=\"font-family: arial, helvetica, sans-serif;\">B\u0119dziemy gromadzi\u0107 i przechowywa\u0107 dane osobowe na Twoim Urz\u0105dzeniu za pomoc\u0105 pami\u0119ci podr\u0119cznych danych aplikacji i pami\u0119ci internetowej przegl\u0105darki (w tym HTML) i innych technologii.<\/span><\/p>\n<p><span style=\"font-family: arial, helvetica, sans-serif;\">Wprowadzili\u015bmy procedury post\u0119powania na wypadek podejrzenia naruszenia ochrony danych osobowych. Je\u015bli b\u0119dziemy do tego prawnie zobowi\u0105zani, powiadomimy u\u017cytkownik\u00f3w i wszelkie odpowiednie organy regulacyjne.<\/span><\/p>\n<ol start=\"11\">\n<li><span style=\"font-family: arial, helvetica, sans-serif;\"><strong>Przechowywanie danych<\/strong><\/span><\/li>\n<\/ol>\n<p><span style=\"font-family: arial, helvetica, sans-serif;\">Przechowujemy informacje tak d\u0142ugo, jak jest to konieczne do \u015bwiadczenia Us\u0142ug u\u017cytkownikowi, z zastrze\u017ceniem wszelkich zobowi\u0105za\u0144 prawnych do dalszego przechowywania takich informacji. Informacje zwi\u0105zane z Twoim kontem b\u0119d\u0105 zazwyczaj przechowywane do czasu, gdy nie b\u0119dzie ju\u017c konieczne \u015bwiadczenie Us\u0142ug lub do momentu usuni\u0119cia konta. W niekt\u00f3rych okoliczno\u015bciach mo\u017cesz poprosi\u0107 nas o\u00a0usuni\u0119cie Twoich danych: zobacz Twoje prawa poni\u017cej, aby uzyska\u0107 wi\u0119cej informacji.<\/span><\/p>\n<p><span style=\"font-family: arial, helvetica, sans-serif;\">W przypadku, gdy anonimizujemy Twoje dane osobowe (aby nie mog\u0142y by\u0107 ju\u017c z Tob\u0105 powi\u0105zane) do cel\u00f3w badawczych lub statystycznych, mo\u017cemy wykorzystywa\u0107 te informacje bezterminowo bez dalszego powiadamiania Ci\u0119.<\/span><\/p>\n<ol start=\"12\">\n<li><span style=\"font-family: arial, helvetica, sans-serif;\"><strong>Przys\u0142uguj\u0105ce prawa<\/strong><\/span><\/li>\n<\/ol>\n<p><span style=\"font-family: arial, helvetica, sans-serif;\">Zgodnie z obowi\u0105zuj\u0105cymi regulacjami u\u017cytkownik ma nast\u0119puj\u0105ce prawa wynikaj\u0105ce z\u00a0przepis\u00f3w o ochronie danych w odniesieniu do jego danych osobowych.<\/span><\/p>\n<ul>\n<li><span style=\"font-family: arial, helvetica, sans-serif;\"><strong>\u017b\u0105danie dost\u0119pu<\/strong>\u00a0do swoich danych osobowych (powszechnie znane jako \u201ewniosek o dost\u0119p do danych przez osob\u0119, kt\u00f3rej dane dotycz\u0105\u201d).\u00a0 Umo\u017cliwia to u\u017cytkownikowi otrzymanie kopii danych osobowych, kt\u00f3re przechowujemy, i sprawdzenie, czy przetwarzamy je zgodnie z prawem.<\/span><\/li>\n<li><span style=\"font-family: arial, helvetica, sans-serif;\"><strong>\u017b\u0105danie sprostowania<\/strong>\u00a0danych osobowych, kt\u00f3re przechowujemy. Umo\u017cliwia to poprawienie wszelkich niekompletnych lub niedok\u0142adnych danych, kt\u00f3re posiadamy na temat u\u017cytkownika, chocia\u017c mo\u017ce zaj\u015b\u0107 konieczno\u015b\u0107 weryfikacji dok\u0142adno\u015bci nowych danych otrzymanych od u\u017cytkownika.<\/span><\/li>\n<li><span style=\"font-family: arial, helvetica, sans-serif;\"><strong>\u017b\u0105danie usuni\u0119cia<\/strong>\u00a0danych osobowych. Umo\u017cliwia u\u017cytkownikowi wnioskowanie do nas o usuni\u0119cie lub skasowanie danych osobowych, je\u015bli nie ma uzasadnionego powodu dla ich dalszego przetwarzania. U\u017cytkownik ma r\u00f3wnie\u017c prawo poprosi\u0107 o\u00a0usuni\u0119cie lub skasowanie danych osobowych m.in. w przypadku, gdy z\u00a0powodzeniem skorzysta\u0142 on z prawa do sprzeciwu wobec ich przetwarzania (patrz poni\u017cej), w sytuacji, gdy dane przetwarzane by\u0142y niezgodnie z prawem lub gdy dane osobowe musz\u0105 zosta\u0107 usuni\u0119te w celu wywi\u0105zania si\u0119 z na\u0142o\u017conego na nas obowi\u0105zku prawnego. Nale\u017cy jednak pami\u0119ta\u0107, \u017ce nie zawsze jeste\u015bmy w stanie spe\u0142ni\u0107 \u017c\u0105danie u\u017cytkownika dotycz\u0105ce usuni\u0119cia danych z pewnych przyczyn prawnych, o kt\u00f3rych w stosownych przypadkach u\u017cytkownik zostanie poinformowany w momencie z\u0142o\u017cenia wniosku.<\/span><\/li>\n<li><span style=\"font-family: arial, helvetica, sans-serif;\"><strong>\u017b\u0105danie sprzeciwu wobec przetwarzania<\/strong> danych osobowych, gdy polegamy na naszym prawnie uzasadnionym interesie (lub interesie strony trzeciej), a\u00a0w\u00a0konkretnej sytuacji u\u017cytkownika wyst\u0119puje czynnik sprawiaj\u0105cy, \u017ce u\u017cytkownik chce sprzeciwi\u0107 si\u0119 przetwarzaniu na tej podstawie, poniewa\u017c uwa\u017ca, \u017ce ma to wp\u0142yw na jego podstawowe prawa i wolno\u015bci. U\u017cytkownik ma r\u00f3wnie\u017c prawo sprzeciwi\u0107 si\u0119 przetwarzaniu przez nas danych osobowych do cel\u00f3w zwi\u0105zanych z\u00a0marketingiem bezpo\u015brednim. W niekt\u00f3rych przypadkach mo\u017cemy wykaza\u0107, \u017ce mamy prawnie uzasadnione podstawy do przetwarzania danych u\u017cytkownika, kt\u00f3re s\u0105 nadrz\u0119dne w stosunku do przys\u0142uguj\u0105cych mu praw i wolno\u015bci.<\/span><\/li>\n<li><span style=\"font-family: arial, helvetica, sans-serif;\"><strong>\u017b\u0105danie<\/strong>\u00a0<strong>ograniczenia przetwarzania danych osobowych<\/strong>. Dzi\u0119ki temu u\u017cytkownik mo\u017ce za\u017c\u0105da\u0107 ograniczenia przetwarzania danych osobowych w nast\u0119puj\u0105cych sytuacjach:<\/span>\n<ul>\n<li><span style=\"font-family: arial, helvetica, sans-serif;\">je\u015bli u\u017cytkownik chce, aby\u015bmy ustalili prawid\u0142owo\u015b\u0107 danych;<\/span><\/li>\n<li><span style=\"font-family: arial, helvetica, sans-serif;\">gdy wykorzystanie przez nas danych jest niezgodne z prawem, ale u\u017cytkownik sprzeciwia si\u0119 usuni\u0119ciu danych;<\/span><\/li>\n<li><span style=\"font-family: arial, helvetica, sans-serif;\">gdy u\u017cytkownik potrzebuje, aby\u015bmy przechowywali dane, nawet je\u015bli my ju\u017c ich nie potrzebujemy, poniewa\u017c potrzebuje ich do ustalenia, wykonania lub obrony roszcze\u0144 prawnych; lub<\/span><\/li>\n<li><span style=\"font-family: arial, helvetica, sans-serif;\">je\u015bli u\u017cytkownik wni\u00f3s\u0142 sprzeciw wobec wykorzystania przez nas jego danych, ale musimy sprawdzi\u0107, czy mamy nadrz\u0119dne prawnie uzasadnione podstawy do ich wykorzystania.<\/span><\/li>\n<\/ul>\n<\/li>\n<li><span style=\"font-family: arial, helvetica, sans-serif;\"><strong>\u017b\u0105danie przeniesienia<\/strong>\u00a0danych osobowych u\u017cytkownikowi lub osobie trzeciej. Dane osobowe przeka\u017cemy u\u017cytkownikowi lub wybranej przez niego stronie trzeciej w\u00a0ustrukturyzowanym, powszechnie u\u017cywanym formacie nadaj\u0105cym si\u0119 do odczytu maszynowego. Nale\u017cy pami\u0119ta\u0107, \u017ce to prawo dotyczy wy\u0142\u0105cznie informacji przetwarzanych w spos\u00f3b zautomatyzowany, na wykorzystanie kt\u00f3rych u\u017cytkownicy wyrazili wcze\u015bniej zgod\u0119 lub w przypadku, gdy wykorzystywali\u015bmy te informacje do wykonania umowy zawartej z u\u017cytkownikiem.<\/span><\/li>\n<li><span style=\"font-family: arial, helvetica, sans-serif;\"><strong>\u017b\u0105danie wycofania zgody w dowolnym momencie<\/strong>, je\u015bli podstaw\u0105 proces\u00f3w przetwarzania danych jest udzielona przez u\u017cytkownika zgoda na przetwarzanie danych osobowych. Nie wp\u0142ynie to jednak na zgodno\u015b\u0107 z prawem przetwarzania, jakie odby\u0142o si\u0119 w okresie przed wycofaniem zgody. Je\u015bli u\u017cytkownik wycofa zgod\u0119, mo\u017cemy nie mie\u0107 mo\u017cliwo\u015bci dostarczenia mu pewnych produkt\u00f3w lub \u015bwiadczenia us\u0142ug. U\u017cytkownik zostanie o tym poinformowany w momencie wycofania zgody.<\/span><\/li>\n<\/ul>\n<p><span style=\"font-family: arial, helvetica, sans-serif;\">U\u017cytkownik ma r\u00f3wnie\u017c prawo za\u017c\u0105da\u0107 zaprzestania przetwarzania danych osobowych w celach marketingowych.<\/span><\/p>\n<p><span style=\"font-family: arial, helvetica, sans-serif;\">Z dowolnego z tych praw mo\u017cna skorzysta\u0107 w dowolnym momencie, kontaktuj\u0105c si\u0119 z\u00a0nami pod adresem 10 Dominion Way, Worthing, West Sussex\u00a0<strong>LUB<\/strong>\u00a0<a href=\"mailto:privacy@rayner.com\"><em>privacy@rayner.com<\/em><\/a>.<\/span><\/p>\n<h2><span style=\"font-family: arial, helvetica, sans-serif;\">S\u0142ownik<\/span><\/h2>\n<p><span style=\"font-family: arial, helvetica, sans-serif;\"><strong>Rodzaje \u201epodstaw prawnych\u201d przetwarzania danych<\/strong><\/span><\/p>\n<p><span style=\"font-family: arial, helvetica, sans-serif;\"><strong>Zgoda <\/strong>oznacza przetwarzanie danych osobowych, w przypadku gdy udzieli\u0142e\u015b zgody poprzez o\u015bwiadczenie lub wyra\u017ane dzia\u0142anie potwierdzaj\u0105ce przetwarzanie w\u00a0okre\u015blonym celu. Zgoda b\u0119dzie wa\u017cna tylko wtedy, gdy b\u0119dzie dobrowolnym, konkretnym, \u015bwiadomym i\u00a0jednoznacznym okazaniem wskazaniem woli u\u017cytkownika. U\u017cytkownik mo\u017ce wycofa\u0107 zgod\u0119 w dowolnym momencie, kontaktuj\u0105c si\u0119 z\u00a0nami.<\/span><\/p>\n<p><span style=\"font-family: arial, helvetica, sans-serif;\"><strong>Prawnie uzasadniony interes<\/strong> oznacza interes naszej firmy zwi\u0105zany z prowadzeniem i\u00a0zarz\u0105dzaniem nasz\u0105 dzia\u0142alno\u015bci\u0105, aby umo\u017cliwi\u0107 nam zapewnienie najlepszej us\u0142ugi \/ produktu oraz najlepszych i najbezpieczniejszych praktyk. Zapewniamy, \u017ce rozwa\u017camy i\u00a0przeprowadzamy test r\u00f3wnowagi wszelkich potencjalnych wp\u0142yw\u00f3w proces\u00f3w przetwarzania danych osobowych na u\u017cytkownika (zar\u00f3wno pozytywnych, jak i negatywnych) oraz prawa u\u017cytkownika, zanim przetworzymy jego dane osobowe na potrzeby naszych prawnie uzasadnionych interes\u00f3w. Nie wykorzystujemy danych osobowych do dzia\u0142a\u0144, w kt\u00f3rych nasze interesy s\u0105 nadrz\u0119dne w stosunku do interes\u00f3w u\u017cytkownika (chyba \u017ce u\u017cytkownik wyrazi\u0142 zgod\u0119 na takie dzia\u0142ania lub je\u015bli jest to wymagane lub dozwolone przez prawo). U\u017cytkownik mo\u017ce uzyska\u0107 wi\u0119cej informacji o\u00a0tym, jak oceniamy nasze uzasadnione interesy w kontek\u015bcie potencjalnego wp\u0142ywu na u\u017cytkownika w odniesieniu do okre\u015blonych dzia\u0142a\u0144, kontaktuj\u0105c si\u0119 z nami.<\/span><\/p>\n<p><span style=\"font-family: arial, helvetica, sans-serif;\"><strong>Wykonanie umowy<\/strong> oznacza przetwarzanie danych u\u017cytkownika w sytuacjach, w\u00a0kt\u00f3rych jest to niezb\u0119dne do wykonania umowy, kt\u00f3rej u\u017cytkownik jest stron\u0105 lub do podj\u0119cia dzia\u0142a\u0144 na \u017c\u0105danie u\u017cytkownika przed zawarciem takiej umowy.<\/span><\/p>\n<p><span style=\"font-family: arial, helvetica, sans-serif;\"><strong>Wype\u0142nienie obowi\u0105zku prawnego<\/strong> oznacza przetwarzanie danych osobowych u\u017cytkownika w sytuacjach, w kt\u00f3rych jest to niezb\u0119dne do wype\u0142nienia obowi\u0105zku prawnego, kt\u00f3remu podlegamy.<\/span><\/p>\n<h2><span style=\"font-family: arial, helvetica, sans-serif;\">Strony trzecie<\/span><\/h2>\n<p><span style=\"font-family: arial, helvetica, sans-serif;\"><strong>Wewn\u0119trzne strony trzecie<\/strong><\/span><\/p>\n<p><span style=\"font-family: arial, helvetica, sans-serif;\">Inne sp\u00f3\u0142ki z Grupy Rayner dzia\u0142aj\u0105ce jako wsp\u00f3\u0142administratorzy lub podmioty przetwarzaj\u0105ce, kt\u00f3re maj\u0105 siedzib\u0119 w Niemczech, Francji, Hiszpanii, Portugalii i USA, i\u00a0kt\u00f3re \u015bwiadcz\u0105 us\u0142ugi informatyczne i administracyjne oraz prowadz\u0105 sprawozdawczo\u015b\u0107 kierownicz\u0105.<\/span><\/p>\n<h2><span style=\"font-family: arial, helvetica, sans-serif;\">Zewn\u0119trzne strony trzecie<\/span><\/h2>\n<p><span style=\"font-family: arial, helvetica, sans-serif;\">Dostawcy us\u0142ug dzia\u0142aj\u0105cy jako podmioty przetwarzaj\u0105ce z siedzib\u0105 w Wielkiej Brytanii, kt\u00f3rzy \u015bwiadcz\u0105 us\u0142ugi informatyczne i us\u0142ugi zarz\u0105dzania systemem.<\/span><\/p>\n<p><span style=\"font-family: arial, helvetica, sans-serif;\">Organy regulacyjne i inne organy z siedzib\u0105 w Wielkiej Brytanii, kt\u00f3re w pewnych okoliczno\u015bciach wymagaj\u0105 zg\u0142aszania czynno\u015bci przetwarzania.<\/span><\/p>\n","protected":false},"excerpt":{"rendered":"<p>POLITYKA PRYWATNO\u015aCI u\u017cytkownik\u00f3w platformy RAYPRO Wprowadzenie Firma Rayner Intraocular Lenses Limited (wspominana jako \u201eRayner\u201d, \u201emy\u201d, \u201enas\u201d lub \u201enasz\u201d w niniejszej polityce) zobowi\u0105zuje si\u0119 do ochrony danych osobowych i\u00a0poszanowania prywatno\u015bci u\u017cytkownik\u00f3w platformy RayPRO. . Niniejsza polityka opisuje przetwarzanie danych osobowych u\u017cytkownik\u00f3w przez platform\u0119 RayPRO. Niniejsza polityka, wraz z nasz\u0105 umow\u0105 licencyjn\u0105 u\u017cytkownika ko\u0144cowego (EULA) i\u00a0wszelkimi dodatkowymi<\/p>\n","protected":false},"author":6,"featured_media":0,"parent":21744,"menu_order":2,"comment_status":"closed","ping_status":"closed","template":"","meta":{"_acf_changed":false,"inline_featured_image":false,"footnotes":""},"acf":[],"yoast_head":"<!-- This site is optimized with the Yoast SEO plugin v22.5 - https:\/\/yoast.com\/wordpress\/plugins\/seo\/ -->\n<title>End User Privacy Policy PL - Rayner : Global<\/title>\n<meta name=\"robots\" content=\"index, follow, max-snippet:-1, max-image-preview:large, max-video-preview:-1\" \/>\n<link rel=\"canonical\" href=\"https:\/\/rayner.com\/global\/raypro\/end-user-privacy-policy-pl\/\" \/>\n<meta property=\"og:locale\" content=\"en_GB\" \/>\n<meta property=\"og:type\" content=\"article\" \/>\n<meta property=\"og:title\" content=\"End User Privacy Policy PL - Rayner : Global\" \/>\n<meta property=\"og:description\" content=\"POLITYKA PRYWATNO\u015aCI u\u017cytkownik\u00f3w platformy RAYPRO Wprowadzenie Firma Rayner Intraocular Lenses Limited (wspominana jako \u201eRayner\u201d, \u201emy\u201d, \u201enas\u201d lub \u201enasz\u201d w niniejszej polityce) zobowi\u0105zuje si\u0119 do ochrony danych osobowych i\u00a0poszanowania prywatno\u015bci u\u017cytkownik\u00f3w platformy RayPRO. . Niniejsza polityka opisuje przetwarzanie danych osobowych u\u017cytkownik\u00f3w przez platform\u0119 RayPRO. Niniejsza polityka, wraz z nasz\u0105 umow\u0105 licencyjn\u0105 u\u017cytkownika ko\u0144cowego (EULA) i\u00a0wszelkimi dodatkowymi\" \/>\n<meta property=\"og:url\" content=\"https:\/\/rayner.com\/global\/raypro\/end-user-privacy-policy-pl\/\" \/>\n<meta property=\"og:site_name\" content=\"Rayner : Global\" \/>\n<meta property=\"article:modified_time\" content=\"2024-05-21T11:28:27+00:00\" \/>\n<meta name=\"twitter:card\" content=\"summary_large_image\" \/>\n<meta name=\"twitter:label1\" content=\"Estimated reading time\" \/>\n\t<meta name=\"twitter:data1\" content=\"16 minutes\" \/>\n<script type=\"application\/ld+json\" class=\"yoast-schema-graph\">{\"@context\":\"https:\/\/schema.org\",\"@graph\":[{\"@type\":\"WebPage\",\"@id\":\"https:\/\/rayner.com\/global\/raypro\/end-user-privacy-policy-pl\/\",\"url\":\"https:\/\/rayner.com\/global\/raypro\/end-user-privacy-policy-pl\/\",\"name\":\"End User Privacy Policy PL - Rayner : Global\",\"isPartOf\":{\"@id\":\"https:\/\/rayner.com\/global\/#website\"},\"datePublished\":\"2022-05-24T07:20:57+00:00\",\"dateModified\":\"2024-05-21T11:28:27+00:00\",\"breadcrumb\":{\"@id\":\"https:\/\/rayner.com\/global\/raypro\/end-user-privacy-policy-pl\/#breadcrumb\"},\"inLanguage\":\"en-GB\",\"potentialAction\":[{\"@type\":\"ReadAction\",\"target\":[\"https:\/\/rayner.com\/global\/raypro\/end-user-privacy-policy-pl\/\"]}]},{\"@type\":\"BreadcrumbList\",\"@id\":\"https:\/\/rayner.com\/global\/raypro\/end-user-privacy-policy-pl\/#breadcrumb\",\"itemListElement\":[{\"@type\":\"ListItem\",\"position\":1,\"name\":\"Home\",\"item\":\"https:\/\/rayner.com\/global\/\"},{\"@type\":\"ListItem\",\"position\":2,\"name\":\"RayPRO\",\"item\":\"https:\/\/rayner.com\/global\/raypro\/\"},{\"@type\":\"ListItem\",\"position\":3,\"name\":\"End User Privacy Policy PL\"}]},{\"@type\":\"WebSite\",\"@id\":\"https:\/\/rayner.com\/global\/#website\",\"url\":\"https:\/\/rayner.com\/global\/\",\"name\":\"Rayner : Global\",\"description\":\"Rayner is a British manufacturer of ophthalmic medical products, including intraocular lenses (IOLs) and eye drops to support ocular health\",\"potentialAction\":[{\"@type\":\"SearchAction\",\"target\":{\"@type\":\"EntryPoint\",\"urlTemplate\":\"https:\/\/rayner.com\/global\/?s={search_term_string}\"},\"query-input\":\"required name=search_term_string\"}],\"inLanguage\":\"en-GB\"}]}<\/script>\n<!-- \/ Yoast SEO plugin. -->","yoast_head_json":{"title":"End User Privacy Policy PL - Rayner : Global","robots":{"index":"index","follow":"follow","max-snippet":"max-snippet:-1","max-image-preview":"max-image-preview:large","max-video-preview":"max-video-preview:-1"},"canonical":"https:\/\/rayner.com\/global\/raypro\/end-user-privacy-policy-pl\/","og_locale":"en_GB","og_type":"article","og_title":"End User Privacy Policy PL - Rayner : Global","og_description":"POLITYKA PRYWATNO\u015aCI u\u017cytkownik\u00f3w platformy RAYPRO Wprowadzenie Firma Rayner Intraocular Lenses Limited (wspominana jako \u201eRayner\u201d, \u201emy\u201d, \u201enas\u201d lub \u201enasz\u201d w niniejszej polityce) zobowi\u0105zuje si\u0119 do ochrony danych osobowych i\u00a0poszanowania prywatno\u015bci u\u017cytkownik\u00f3w platformy RayPRO. . Niniejsza polityka opisuje przetwarzanie danych osobowych u\u017cytkownik\u00f3w przez platform\u0119 RayPRO. Niniejsza polityka, wraz z nasz\u0105 umow\u0105 licencyjn\u0105 u\u017cytkownika ko\u0144cowego (EULA) i\u00a0wszelkimi dodatkowymi","og_url":"https:\/\/rayner.com\/global\/raypro\/end-user-privacy-policy-pl\/","og_site_name":"Rayner : Global","article_modified_time":"2024-05-21T11:28:27+00:00","twitter_card":"summary_large_image","twitter_misc":{"Estimated reading time":"16 minutes"},"schema":{"@context":"https:\/\/schema.org","@graph":[{"@type":"WebPage","@id":"https:\/\/rayner.com\/global\/raypro\/end-user-privacy-policy-pl\/","url":"https:\/\/rayner.com\/global\/raypro\/end-user-privacy-policy-pl\/","name":"End User Privacy Policy PL - Rayner : Global","isPartOf":{"@id":"https:\/\/rayner.com\/global\/#website"},"datePublished":"2022-05-24T07:20:57+00:00","dateModified":"2024-05-21T11:28:27+00:00","breadcrumb":{"@id":"https:\/\/rayner.com\/global\/raypro\/end-user-privacy-policy-pl\/#breadcrumb"},"inLanguage":"en-GB","potentialAction":[{"@type":"ReadAction","target":["https:\/\/rayner.com\/global\/raypro\/end-user-privacy-policy-pl\/"]}]},{"@type":"BreadcrumbList","@id":"https:\/\/rayner.com\/global\/raypro\/end-user-privacy-policy-pl\/#breadcrumb","itemListElement":[{"@type":"ListItem","position":1,"name":"Home","item":"https:\/\/rayner.com\/global\/"},{"@type":"ListItem","position":2,"name":"RayPRO","item":"https:\/\/rayner.com\/global\/raypro\/"},{"@type":"ListItem","position":3,"name":"End User Privacy Policy PL"}]},{"@type":"WebSite","@id":"https:\/\/rayner.com\/global\/#website","url":"https:\/\/rayner.com\/global\/","name":"Rayner : Global","description":"Rayner is a British manufacturer of ophthalmic medical products, including intraocular lenses (IOLs) and eye drops to support ocular health","potentialAction":[{"@type":"SearchAction","target":{"@type":"EntryPoint","urlTemplate":"https:\/\/rayner.com\/global\/?s={search_term_string}"},"query-input":"required name=search_term_string"}],"inLanguage":"en-GB"}]}},"_links":{"self":[{"href":"https:\/\/rayner.com\/global\/wp-json\/wp\/v2\/pages\/17580"}],"collection":[{"href":"https:\/\/rayner.com\/global\/wp-json\/wp\/v2\/pages"}],"about":[{"href":"https:\/\/rayner.com\/global\/wp-json\/wp\/v2\/types\/page"}],"author":[{"embeddable":true,"href":"https:\/\/rayner.com\/global\/wp-json\/wp\/v2\/users\/6"}],"replies":[{"embeddable":true,"href":"https:\/\/rayner.com\/global\/wp-json\/wp\/v2\/comments?post=17580"}],"version-history":[{"count":3,"href":"https:\/\/rayner.com\/global\/wp-json\/wp\/v2\/pages\/17580\/revisions"}],"predecessor-version":[{"id":17584,"href":"https:\/\/rayner.com\/global\/wp-json\/wp\/v2\/pages\/17580\/revisions\/17584"}],"up":[{"embeddable":true,"href":"https:\/\/rayner.com\/global\/wp-json\/wp\/v2\/pages\/21744"}],"wp:attachment":[{"href":"https:\/\/rayner.com\/global\/wp-json\/wp\/v2\/media?parent=17580"}],"curies":[{"name":"wp","href":"https:\/\/api.w.org\/{rel}","templated":true}]}}